{"version":"1.0","provider_name":"Compa\u00f1\u00eda de Tranv\u00edas de La Coru\u00f1a","provider_url":"https:\/\/tranviascoruna.com\/gl\/","title":"Presentaci\u00f3n de la jornada del Aula de la Compa\u00f1\u00eda de Tranv\u00edas de la UDC - Compa\u00f1\u00eda de Tranv\u00edas de La Coru\u00f1a","type":"rich","width":600,"height":338,"html":"<blockquote class=\"wp-embedded-content\" data-secret=\"ihCAX1chRD\"><a href=\"https:\/\/tranviascoruna.com\/gl\/presentacion-jornada-aula-compania-tranvias-udc\/\">Presentaci\u00f3n de la jornada del Aula de la Compa\u00f1\u00eda de Tranv\u00edas de la UDC<\/a><\/blockquote><iframe sandbox=\"allow-scripts\" security=\"restricted\" src=\"https:\/\/tranviascoruna.com\/gl\/presentacion-jornada-aula-compania-tranvias-udc\/embed\/#?secret=ihCAX1chRD\" width=\"600\" height=\"338\" title=\"&#8220;Presentaci\u00f3n de la jornada del Aula de la Compa\u00f1\u00eda de Tranv\u00edas de la UDC&#8221; &#8212; Compa\u00f1\u00eda de Tranv\u00edas de La Coru\u00f1a\" data-secret=\"ihCAX1chRD\" frameborder=\"0\" marginwidth=\"0\" marginheight=\"0\" scrolling=\"no\" class=\"wp-embedded-content\"><\/iframe><script>\n\/*! This file is auto-generated *\/\n!function(d,l){\"use strict\";l.querySelector&&d.addEventListener&&\"undefined\"!=typeof URL&&(d.wp=d.wp||{},d.wp.receiveEmbedMessage||(d.wp.receiveEmbedMessage=function(e){var t=e.data;if((t||t.secret||t.message||t.value)&&!\/[^a-zA-Z0-9]\/.test(t.secret)){for(var s,r,n,a=l.querySelectorAll('iframe[data-secret=\"'+t.secret+'\"]'),o=l.querySelectorAll('blockquote[data-secret=\"'+t.secret+'\"]'),c=new RegExp(\"^https?:$\",\"i\"),i=0;i<o.length;i++)o[i].style.display=\"none\";for(i=0;i<a.length;i++)s=a[i],e.source===s.contentWindow&&(s.removeAttribute(\"style\"),\"height\"===t.message?(1e3<(r=parseInt(t.value,10))?r=1e3:~~r<200&&(r=200),s.height=r):\"link\"===t.message&&(r=new URL(s.getAttribute(\"src\")),n=new URL(t.value),c.test(n.protocol))&&n.host===r.host&&l.activeElement===s&&(d.top.location.href=t.value))}},d.addEventListener(\"message\",d.wp.receiveEmbedMessage,!1),l.addEventListener(\"DOMContentLoaded\",function(){for(var e,t,s=l.querySelectorAll(\"iframe.wp-embedded-content\"),r=0;r<s.length;r++)(t=(e=s[r]).getAttribute(\"data-secret\"))||(t=Math.random().toString(36).substring(2,12),e.src+=\"#?secret=\"+t,e.setAttribute(\"data-secret\",t)),e.contentWindow.postMessage({message:\"ready\",secret:t},\"*\")},!1)))}(window,document);\n\/\/# sourceURL=https:\/\/tranviascoruna.com\/wp-includes\/js\/wp-embed.min.js\n<\/script>\n","thumbnail_url":"https:\/\/tranviascoruna.com\/wp-content\/uploads\/2017\/03\/RUEDA-PRENSA-TRANVIAS.jpg","thumbnail_width":3264,"thumbnail_height":2448,"description":"LA COMPA\u00d1\u00cdA DE TRANVIAS Y LA UNIVERSIDAD LLEVAR\u00c1N EL CONOCIMIENTO ACAD\u00c9MICO SOBRE MOVILIDAD AL DEBATE P\u00daBLICO EN LA JORNADA QUE SE CELEBRA EL MI\u00c9RCOLES EN EL PARANINFO El director de la Compa\u00f1\u00eda de Tranv\u00edas present\u00f3 hoy junto con el vicerrector de Pol\u00edtica Cient\u00edfica y la directora del Aula Compa\u00f1\u00eda de Tranv\u00edas de la UDC la&hellip;"}