{"id":5222,"date":"2022-01-03T15:50:12","date_gmt":"2022-01-03T14:50:12","guid":{"rendered":"https:\/\/statramscoruna.wpengine.com\/?page_id=5222"},"modified":"2022-02-14T11:57:48","modified_gmt":"2022-02-14T10:57:48","slug":"noticias-2","status":"publish","type":"page","link":"https:\/\/tranviascoruna.com\/gl\/noticias-2\/","title":{"rendered":"Noticias"},"content":{"rendered":"\t\t<div data-elementor-type=\"wp-page\" data-elementor-id=\"5222\" class=\"elementor elementor-5222 elementor-18\" data-elementor-post-type=\"page\">\n\t\t\t\t\t\t<section class=\"elementor-section elementor-top-section elementor-element elementor-element-90e689f elementor-section-boxed elementor-section-height-default elementor-section-height-default\" data-id=\"90e689f\" data-element_type=\"section\" data-e-type=\"section\">\n\t\t\t\t\t\t<div class=\"elementor-container elementor-column-gap-wider\">\n\t\t\t\t\t<div class=\"elementor-column elementor-col-100 elementor-top-column elementor-element elementor-element-d3af813\" data-id=\"d3af813\" data-element_type=\"column\" data-e-type=\"column\">\n\t\t\t<div class=\"elementor-widget-wrap elementor-element-populated\">\n\t\t\t\t\t\t<div class=\"elementor-element elementor-element-698c0f5 elementor-widget elementor-widget-template\" data-id=\"698c0f5\" data-element_type=\"widget\" data-e-type=\"widget\" data-widget_type=\"template.default\">\n\t\t\t\t<div class=\"elementor-widget-container\">\n\t\t\t\t\t\t\t<div class=\"elementor-template\">\n\t\t\t\t\t<div data-elementor-type=\"archive\" data-elementor-id=\"5341\" class=\"elementor elementor-5341 elementor-614\" data-elementor-post-type=\"elementor_library\">\n\t\t\t\t\t<section class=\"elementor-section elementor-top-section elementor-element elementor-element-625d6ee elementor-section-boxed elementor-section-height-default elementor-section-height-default\" data-id=\"625d6ee\" data-element_type=\"section\" data-e-type=\"section\">\n\t\t\t\t\t\t<div class=\"elementor-container elementor-column-gap-wider\">\n\t\t\t\t\t<div class=\"elementor-column elementor-col-100 elementor-top-column elementor-element elementor-element-e39f2bf\" data-id=\"e39f2bf\" data-element_type=\"column\" data-e-type=\"column\">\n\t\t\t<div class=\"elementor-widget-wrap elementor-element-populated\">\n\t\t\t\t\t\t<div class=\"elementor-element elementor-element-613949c preserve-img-ratio-cover elementor-widget elementor-widget-the7_elements\" data-id=\"613949c\" data-element_type=\"widget\" data-e-type=\"widget\" data-widget_type=\"the7_elements.default\">\n\t\t\t\t<div class=\"elementor-widget-container\">\n\t\t\t\t\t<div class=\"portfolio-shortcode the7-elementor-widget the7_elements-613949c mode-grid dt-css-grid-wrap classic-layout-list description-under-image content-bg-on resize-by-browser-width loading-effect-none show-all-pages\" data-padding=\"56px\" data-mobile-columns-num=\"\" data-tablet-columns-num=\"\" data-desktop-columns-num=\"3\" data-wide-desktop-columns-num=\"3\" data-post-limit=\"-1\" data-pagination-mode=\"standard\" data-scroll-offset=\"\"><div class=\"dt-css-grid custom-pagination-handler\"><div class=\"visible wf-cell\" data-post-id=\"7934\" data-date=\"2026-04-22T11:10:25+02:00\" data-name=\"Como solicitar o hist\u00f3rico de consumos do cart\u00f3n de transporte\"><article class=\"post visible post-7934 type-post status-publish format-standard has-post-thumbnail hentry category-uncategorized-gl\" data-name=\"Como solicitar o hist\u00f3rico de consumos do cart\u00f3n de transporte\" data-date=\"2026-04-22T11:10:25+02:00\">\n\n\t<div class=\"post-thumbnail-wrap\">\n\t\t<div class=\"post-thumbnail\">\n\n\t\t\t<a class=\"post-thumbnail-rollover layzr-bg img-css-resize-wrapper\" aria-label=\"Post image\" href=\"https:\/\/tranviascoruna.com\/gl\/elementor-7934 elementor-7916\/\"><img fetchpriority=\"high\" decoding=\"async\" width=\"1200\" height=\"800\" src=\"data:image\/svg+xml,%3Csvg%20xmlns%3D&#039;http%3A%2F%2Fwww.w3.org%2F2000%2Fsvg&#039;%20viewBox%3D&#039;0%200%201200%20800&#039;%2F%3E\" class=\"attachment-full size-full preload-me aspect lazy lazy-load\" alt=\"\" sizes=\"(max-width: 1200px) 100vw, 1200px\" style=\"--ratio: 1200 \/ 800;\" data-src=\"https:\/\/tranviascoruna.com\/wp-content\/uploads\/2026\/04\/P_Suceso_1453716936743_1099934327828_1200_1280_U_ea35ad6e2cb4882a03bde9ca27cfdd5.png\" loading=\"eager\" data-srcset=\"https:\/\/tranviascoruna.com\/wp-content\/uploads\/2026\/04\/P_Suceso_1453716936743_1099934327828_1200_1280_U_ea35ad6e2cb4882a03bde9ca27cfdd5.png 1200w, https:\/\/tranviascoruna.com\/wp-content\/uploads\/2026\/04\/P_Suceso_1453716936743_1099934327828_1200_1280_U_ea35ad6e2cb4882a03bde9ca27cfdd5-300x200.png 300w, https:\/\/tranviascoruna.com\/wp-content\/uploads\/2026\/04\/P_Suceso_1453716936743_1099934327828_1200_1280_U_ea35ad6e2cb4882a03bde9ca27cfdd5-1024x683.png 1024w, https:\/\/tranviascoruna.com\/wp-content\/uploads\/2026\/04\/P_Suceso_1453716936743_1099934327828_1200_1280_U_ea35ad6e2cb4882a03bde9ca27cfdd5-768x512.png 768w\" \/><\/a>\n\t\t<\/div>\n\t<\/div>\n\n\n<div class=\"post-entry-content\">\n\n\t<h3 class=\"ele-entry-title\"><a href=\"https:\/\/tranviascoruna.com\/gl\/elementor-7934 elementor-7916\/\" rel=\"bookmark\" title=\"Como solicitar o hist\u00f3rico de consumos do cart\u00f3n de transporte\">Como solicitar o hist\u00f3rico de consumos do cart\u00f3n de transporte<\/a><\/h3><div class=\"entry-meta\"><a href=\"https:\/\/tranviascoruna.com\/gl\/2026\/04\/22\/\" title=\"11:10 a.m.\" class=\"meta-item data-link\" rel=\"bookmark\"><time class=\"entry-date updated\" datetime=\"2026-04-22T11:10:25+02:00\">22 Abril, 2026<\/time><\/a><\/div><div class=\"entry-excerpt\"><p>Se necesitas un informe certificado de consumo dos Cart\u00f3ns Millenium, Millenium QR ou de Transporte P\u00fablico de Galicia para realizar alg\u00fan tr\u00e1mite, estes&hellip;<\/p>\n<\/div><a href=\"https:\/\/tranviascoruna.com\/gl\/elementor-7934\/\" target=\"\" aria-label=\"Read more about Como solicitar o hist\u00f3rico de consumos do cart\u00f3n de transporte\" class=\"box-button elementor-button elementor-size-md\">Ler artigo<\/a>\n<\/div><\/article><\/div><div class=\"visible wf-cell\" data-post-id=\"7891\" data-date=\"2026-04-13T13:14:24+02:00\" data-name=\"Afecci\u00f3ns pola carreira &quot;O Gran Cami\u00f1o&quot;\"><article class=\"post visible post-7891 type-post status-publish format-standard has-post-thumbnail hentry category-uncategorized-gl\" data-name=\"Afecci\u00f3ns pola carreira &#8220;O Gran Cami\u00f1o&#8221;\" data-date=\"2026-04-13T13:14:24+02:00\">\n\n\t<div class=\"post-thumbnail-wrap\">\n\t\t<div class=\"post-thumbnail\">\n\n\t\t\t<a class=\"post-thumbnail-rollover layzr-bg img-css-resize-wrapper\" aria-label=\"Post image\" href=\"https:\/\/tranviascoruna.com\/gl\/afeccions-pola-carreira-o-grn-camino\/\"><img decoding=\"async\" width=\"880\" height=\"587\" src=\"data:image\/svg+xml,%3Csvg%20xmlns%3D&#039;http%3A%2F%2Fwww.w3.org%2F2000%2Fsvg&#039;%20viewBox%3D&#039;0%200%20880%20587&#039;%2F%3E\" class=\"attachment-full size-full preload-me aspect lazy lazy-load\" alt=\"\" sizes=\"(max-width: 880px) 100vw, 880px\" style=\"--ratio: 880 \/ 587;\" data-src=\"https:\/\/tranviascoruna.com\/wp-content\/uploads\/2026\/04\/HE1qWz4XEAEU4gJ.png\" loading=\"eager\" data-srcset=\"https:\/\/tranviascoruna.com\/wp-content\/uploads\/2026\/04\/HE1qWz4XEAEU4gJ.png 880w, https:\/\/tranviascoruna.com\/wp-content\/uploads\/2026\/04\/HE1qWz4XEAEU4gJ-300x200.png 300w, https:\/\/tranviascoruna.com\/wp-content\/uploads\/2026\/04\/HE1qWz4XEAEU4gJ-768x512.png 768w\" \/><\/a>\n\t\t<\/div>\n\t<\/div>\n\n\n<div class=\"post-entry-content\">\n\n\t<h3 class=\"ele-entry-title\"><a href=\"https:\/\/tranviascoruna.com\/gl\/afeccions-pola-carreira-o-grn-camino\/\" rel=\"bookmark\" title=\"Afecci\u00f3ns pola carreira &#8220;O Gran Cami\u00f1o&#8221;\">Afecci\u00f3ns pola carreira &#8220;O Gran Cami\u00f1o&#8221;<\/a><\/h3><div class=\"entry-meta\"><a href=\"https:\/\/tranviascoruna.com\/gl\/2026\/04\/13\/\" title=\"1:14 p.m.\" class=\"meta-item data-link\" rel=\"bookmark\"><time class=\"entry-date updated\" datetime=\"2026-04-13T13:14:24+02:00\">13 Abril, 2026<\/time><\/a><\/div><div class=\"entry-excerpt\"><p>O vindeiro martes d\u00eda 14 de abril vai celebrar na Coru\u00f1a a etapa contrarreloxo da proba ciclista \u201cOu Gran Cami\u00f1o\u201d. O circu\u00edto, con&hellip;<\/p>\n<\/div><a href=\"https:\/\/tranviascoruna.com\/gl\/afeccions-pola-carreira-o-grn-camino\/\" target=\"\" aria-label=\"Read more about Afecci\u00f3ns pola carreira &#8220;O Gran Cami\u00f1o&#8221;\" class=\"box-button elementor-button elementor-size-md\">Ler artigo<\/a>\n<\/div><\/article><\/div><div class=\"visible wf-cell\" data-post-id=\"7862\" data-date=\"2026-03-27T13:25:14+01:00\" data-name=\"Ignacio Prada entrega o premio especial do Xurado a Carlos Gil, lenda do h\u00f3ckey coru\u00f1\u00e9s na VIII Gala do Deporte d\u00e1 Coru\u00f1a.\"><article class=\"post visible post-7862 type-post status-publish format-standard has-post-thumbnail hentry category-noticias\" data-name=\"Ignacio Prada entrega o premio especial do Xurado a Carlos Gil, lenda do h\u00f3ckey coru\u00f1\u00e9s na VIII Gala do Deporte d\u00e1 Coru\u00f1a.\" data-date=\"2026-03-27T13:25:14+01:00\">\n\n\t<div class=\"post-thumbnail-wrap\">\n\t\t<div class=\"post-thumbnail\">\n\n\t\t\t<a class=\"post-thumbnail-rollover layzr-bg img-css-resize-wrapper\" aria-label=\"Post image\" href=\"https:\/\/tranviascoruna.com\/gl\/ignacio-prada-entrega-o-premio-especial-do-xurado-a-carlos-gil-lenda-do-hockey-corunes-na-viii-gala-do-deporte-da-coruna\/\"><img decoding=\"async\" width=\"2560\" height=\"1707\" src=\"data:image\/svg+xml,%3Csvg%20xmlns%3D&#039;http%3A%2F%2Fwww.w3.org%2F2000%2Fsvg&#039;%20viewBox%3D&#039;0%200%202560%201707&#039;%2F%3E\" class=\"attachment-full size-full preload-me aspect lazy lazy-load\" alt=\"\" sizes=\"(max-width: 2560px) 100vw, 2560px\" style=\"--ratio: 2560 \/ 1707;\" data-src=\"https:\/\/tranviascoruna.com\/wp-content\/uploads\/2026\/03\/260326LCO_CARLOS-PAR-233569121-scaled.jpg\" loading=\"eager\" data-srcset=\"https:\/\/tranviascoruna.com\/wp-content\/uploads\/2026\/03\/260326LCO_CARLOS-PAR-233569121-scaled.jpg 2560w, https:\/\/tranviascoruna.com\/wp-content\/uploads\/2026\/03\/260326LCO_CARLOS-PAR-233569121-300x200.jpg 300w, https:\/\/tranviascoruna.com\/wp-content\/uploads\/2026\/03\/260326LCO_CARLOS-PAR-233569121-1024x683.jpg 1024w, https:\/\/tranviascoruna.com\/wp-content\/uploads\/2026\/03\/260326LCO_CARLOS-PAR-233569121-768x512.jpg 768w, https:\/\/tranviascoruna.com\/wp-content\/uploads\/2026\/03\/260326LCO_CARLOS-PAR-233569121-1536x1024.jpg 1536w, https:\/\/tranviascoruna.com\/wp-content\/uploads\/2026\/03\/260326LCO_CARLOS-PAR-233569121-2048x1365.jpg 2048w\" \/><\/a>\n\t\t<\/div>\n\t<\/div>\n\n\n<div class=\"post-entry-content\">\n\n\t<h3 class=\"ele-entry-title\"><a href=\"https:\/\/tranviascoruna.com\/gl\/ignacio-prada-entrega-o-premio-especial-do-xurado-a-carlos-gil-lenda-do-hockey-corunes-na-viii-gala-do-deporte-da-coruna\/\" rel=\"bookmark\" title=\"Ignacio Prada entrega o premio especial do Xurado a Carlos Gil, lenda do h\u00f3ckey coru\u00f1\u00e9s na VIII Gala do Deporte d\u00e1 Coru\u00f1a.\">Ignacio Prada entrega o premio especial do Xurado a Carlos Gil, lenda do h\u00f3ckey coru\u00f1\u00e9s na VIII Gala do Deporte d\u00e1 Coru\u00f1a.<\/a><\/h3><div class=\"entry-meta\"><a href=\"https:\/\/tranviascoruna.com\/gl\/2026\/03\/27\/\" title=\"1:25 p.m.\" class=\"meta-item data-link\" rel=\"bookmark\"><time class=\"entry-date updated\" datetime=\"2026-03-27T13:25:14+01:00\">27 Marzo, 2026<\/time><\/a><\/div><div class=\"entry-excerpt\"><p>A VIII Gala do Deporte d\u00e1 Coru\u00f1a e a s\u00faa comarca, da que a Compa\u00f1\u00eda de Tranv\u00edas da Coru\u00f1a \u00e9 colaboradora, converteuse unha&hellip;<\/p>\n<\/div><a href=\"https:\/\/tranviascoruna.com\/gl\/ignacio-prada-entrega-o-premio-especial-do-xurado-a-carlos-gil-lenda-do-hockey-corunes-na-viii-gala-do-deporte-da-coruna\/\" target=\"\" aria-label=\"Read more about Ignacio Prada entrega o premio especial do Xurado a Carlos Gil, lenda do h\u00f3ckey coru\u00f1\u00e9s na VIII Gala do Deporte d\u00e1 Coru\u00f1a.\" class=\"box-button elementor-button elementor-size-md\">Ler artigo<\/a>\n<\/div><\/article><\/div><div class=\"visible wf-cell\" data-post-id=\"5699\" data-date=\"2021-11-26T23:21:56+01:00\" data-name=\"FIRMA CON EL COMIT\u00c9 DE EMPRESA EL PRIMER PLAN DE IGUALDAD\"><article class=\"post visible post-5699 type-post status-publish format-standard has-post-thumbnail hentry category-noticias-gl category-uncategorized-gl\" data-name=\"FIRMA CON EL COMIT\u00c9 DE EMPRESA EL PRIMER PLAN DE IGUALDAD\" data-date=\"2021-11-26T23:21:56+01:00\">\n\n\t<div class=\"post-thumbnail-wrap\">\n\t\t<div class=\"post-thumbnail\">\n\n\t\t\t<a class=\"post-thumbnail-rollover layzr-bg img-css-resize-wrapper\" aria-label=\"Post image\" href=\"https:\/\/tranviascoruna.com\/gl\/firma-con-el-comite-de-empresa-el-primer-plan-de-igualdad\/\"><img decoding=\"async\" width=\"473\" height=\"334\" src=\"data:image\/svg+xml,%3Csvg%20xmlns%3D&#039;http%3A%2F%2Fwww.w3.org%2F2000%2Fsvg&#039;%20viewBox%3D&#039;0%200%20473%20334&#039;%2F%3E\" class=\"attachment-full size-full preload-me aspect lazy lazy-load\" alt=\"\" sizes=\"(max-width: 473px) 100vw, 473px\" style=\"--ratio: 473 \/ 334;\" data-src=\"https:\/\/tranviascoruna.com\/wp-content\/uploads\/2021\/11\/CT.png\" loading=\"eager\" data-srcset=\"https:\/\/tranviascoruna.com\/wp-content\/uploads\/2021\/11\/CT.png 473w, https:\/\/tranviascoruna.com\/wp-content\/uploads\/2021\/11\/CT-300x212.png 300w\" \/><\/a>\n\t\t<\/div>\n\t<\/div>\n\n\n<div class=\"post-entry-content\">\n\n\t<h3 class=\"ele-entry-title\"><a href=\"https:\/\/tranviascoruna.com\/gl\/firma-con-el-comite-de-empresa-el-primer-plan-de-igualdad\/\" rel=\"bookmark\" title=\"FIRMA CON EL COMIT\u00c9 DE EMPRESA EL PRIMER PLAN DE IGUALDAD\">FIRMA CON EL COMIT\u00c9 DE EMPRESA EL PRIMER PLAN DE IGUALDAD<\/a><\/h3><div class=\"entry-meta\"><a href=\"https:\/\/tranviascoruna.com\/gl\/2021\/11\/26\/\" title=\"11:21 p.m.\" class=\"meta-item data-link\" rel=\"bookmark\"><time class=\"entry-date updated\" datetime=\"2021-11-26T23:21:56+01:00\">26 Novembro, 2021<\/time><\/a><\/div><div class=\"entry-excerpt\"><p>De este modo se refrenda la igualdad en todos los \u00e1mbitos y la tolerancia cero frente a la violencia de g\u00e9nero, el acoso&hellip;<\/p>\n<\/div><a href=\"https:\/\/tranviascoruna.com\/gl\/firma-con-el-comite-de-empresa-el-primer-plan-de-igualdad\/\" target=\"\" aria-label=\"Read more about FIRMA CON EL COMIT\u00c9 DE EMPRESA EL PRIMER PLAN DE IGUALDAD\" class=\"box-button elementor-button elementor-size-md\">Ler artigo<\/a>\n<\/div><\/article><\/div><div class=\"visible wf-cell\" data-post-id=\"5703\" data-date=\"2021-10-13T23:28:34+02:00\" data-name=\"ENSAYOS CON VEH\u00cdCULO EL\u00c9CTRICO SOLARIS\"><article class=\"post visible post-5703 type-post status-publish format-standard has-post-thumbnail hentry category-noticias-gl category-uncategorized-gl\" data-name=\"ENSAYOS CON VEH\u00cdCULO EL\u00c9CTRICO SOLARIS\" data-date=\"2021-10-13T23:28:34+02:00\">\n\n\t<div class=\"post-thumbnail-wrap\">\n\t\t<div class=\"post-thumbnail\">\n\n\t\t\t<a class=\"post-thumbnail-rollover layzr-bg img-css-resize-wrapper\" aria-label=\"Post image\" href=\"https:\/\/tranviascoruna.com\/gl\/ensayos-con-vehiculo-electrico-solaris\/\"><img decoding=\"async\" width=\"1920\" height=\"2560\" src=\"data:image\/svg+xml,%3Csvg%20xmlns%3D&#039;http%3A%2F%2Fwww.w3.org%2F2000%2Fsvg&#039;%20viewBox%3D&#039;0%200%201920%202560&#039;%2F%3E\" class=\"attachment-full size-full preload-me aspect lazy lazy-load\" alt=\"\" sizes=\"(max-width: 1920px) 100vw, 1920px\" style=\"--ratio: 1920 \/ 2560;\" data-src=\"https:\/\/tranviascoruna.com\/wp-content\/uploads\/2022\/09\/IMG_20211013_081254-scaled.jpg\" loading=\"eager\" data-srcset=\"https:\/\/tranviascoruna.com\/wp-content\/uploads\/2022\/09\/IMG_20211013_081254-scaled.jpg 1920w, https:\/\/tranviascoruna.com\/wp-content\/uploads\/2022\/09\/IMG_20211013_081254-225x300.jpg 225w, https:\/\/tranviascoruna.com\/wp-content\/uploads\/2022\/09\/IMG_20211013_081254-768x1024.jpg 768w, https:\/\/tranviascoruna.com\/wp-content\/uploads\/2022\/09\/IMG_20211013_081254-1152x1536.jpg 1152w, https:\/\/tranviascoruna.com\/wp-content\/uploads\/2022\/09\/IMG_20211013_081254-1536x2048.jpg 1536w\" \/><\/a>\n\t\t<\/div>\n\t<\/div>\n\n\n<div class=\"post-entry-content\">\n\n\t<h3 class=\"ele-entry-title\"><a href=\"https:\/\/tranviascoruna.com\/gl\/ensayos-con-vehiculo-electrico-solaris\/\" rel=\"bookmark\" title=\"ENSAYOS CON VEH\u00cdCULO EL\u00c9CTRICO SOLARIS\">ENSAYOS CON VEH\u00cdCULO EL\u00c9CTRICO SOLARIS<\/a><\/h3><div class=\"entry-meta\"><a href=\"https:\/\/tranviascoruna.com\/gl\/2021\/10\/13\/\" title=\"11:28 p.m.\" class=\"meta-item data-link\" rel=\"bookmark\"><time class=\"entry-date updated\" datetime=\"2021-10-13T23:28:34+02:00\">13 Outubro, 2021<\/time><\/a><\/div><div class=\"entry-excerpt\"><p>LA COMPA\u00d1\u00cdA DE TRANV\u00cdAS REALIZAR\u00c1 ESTA SEMANA ENSAYOS CON EL VEH\u00cdCULO EL\u00c9CTRICO SOLARIS, EN SU APUESTA POR LA MEJORA DE EQUIPAMIENTOS Y LA&hellip;<\/p>\n<\/div><a href=\"https:\/\/tranviascoruna.com\/gl\/ensayos-con-vehiculo-electrico-solaris\/\" target=\"\" aria-label=\"Read more about ENSAYOS CON VEH\u00cdCULO EL\u00c9CTRICO SOLARIS\" class=\"box-button elementor-button elementor-size-md\">Ler artigo<\/a>\n<\/div><\/article><\/div><div class=\"visible wf-cell\" data-post-id=\"5709\" data-date=\"2021-05-19T23:33:08+02:00\" data-name=\"Encuesta de satisfacci\u00f3n 2020\"><article class=\"post visible post-5709 type-post status-publish format-standard has-post-thumbnail hentry category-noticias-gl category-uncategorized-gl\" data-name=\"Encuesta de satisfacci\u00f3n 2020\" data-date=\"2021-05-19T23:33:08+02:00\">\n\n\t<div class=\"post-thumbnail-wrap\">\n\t\t<div class=\"post-thumbnail\">\n\n\t\t\t<a class=\"post-thumbnail-rollover layzr-bg img-css-resize-wrapper\" aria-label=\"Post image\" href=\"https:\/\/tranviascoruna.com\/gl\/encuesta-de-satisfaccion-2020\/\"><img decoding=\"async\" width=\"473\" height=\"334\" src=\"data:image\/svg+xml,%3Csvg%20xmlns%3D&#039;http%3A%2F%2Fwww.w3.org%2F2000%2Fsvg&#039;%20viewBox%3D&#039;0%200%20473%20334&#039;%2F%3E\" class=\"attachment-full size-full preload-me aspect lazy lazy-load\" alt=\"\" sizes=\"(max-width: 473px) 100vw, 473px\" style=\"--ratio: 473 \/ 334;\" data-src=\"https:\/\/tranviascoruna.com\/wp-content\/uploads\/2021\/11\/CT.png\" loading=\"eager\" data-srcset=\"https:\/\/tranviascoruna.com\/wp-content\/uploads\/2021\/11\/CT.png 473w, https:\/\/tranviascoruna.com\/wp-content\/uploads\/2021\/11\/CT-300x212.png 300w\" \/><\/a>\n\t\t<\/div>\n\t<\/div>\n\n\n<div class=\"post-entry-content\">\n\n\t<h3 class=\"ele-entry-title\"><a href=\"https:\/\/tranviascoruna.com\/gl\/encuesta-de-satisfaccion-2020\/\" rel=\"bookmark\" title=\"Encuesta de satisfacci\u00f3n 2020\">Encuesta de satisfacci\u00f3n 2020<\/a><\/h3><div class=\"entry-meta\"><a href=\"https:\/\/tranviascoruna.com\/gl\/2021\/05\/19\/\" title=\"11:33 p.m.\" class=\"meta-item data-link\" rel=\"bookmark\"><time class=\"entry-date updated\" datetime=\"2021-05-19T23:33:08+02:00\">19 Maio, 2021<\/time><\/a><\/div><div class=\"entry-excerpt\"><p>LOS VIAJEROS CALIFICAN CON UN NOTABLE ALTO EL SERVICIO DEL TRANSPORTE URBANO DE A CORU\u00d1A \u00b7 La nota media otorgada por los usuarios&hellip;<\/p>\n<\/div><a href=\"https:\/\/tranviascoruna.com\/gl\/encuesta-de-satisfaccion-2020\/\" target=\"\" aria-label=\"Read more about Encuesta de satisfacci\u00f3n 2020\" class=\"box-button elementor-button elementor-size-md\">Ler artigo<\/a>\n<\/div><\/article><\/div><\/div><!-- iso-container|iso-grid --><div class=\"paginator filter-decorations filter-pointer-underline filter-animation-fade\" role=\"navigation\"><a href=\"https:\/\/tranviascoruna.com\/gl\/wp-json\/wp\/v2\/pages\/5222\/\" class=\"page-numbers filter-item act\" data-page-num=\"1\">1<\/a><a href=\"https:\/\/tranviascoruna.com\/gl\/wp-json\/wp\/v2\/pages\/5222\/page\/2\/\" class=\"page-numbers filter-item \" data-page-num=\"2\">2<\/a><a href=\"https:\/\/tranviascoruna.com\/gl\/wp-json\/wp\/v2\/pages\/5222\/page\/3\/\" class=\"page-numbers filter-item \" data-page-num=\"3\">3<\/a><a href=\"https:\/\/tranviascoruna.com\/gl\/wp-json\/wp\/v2\/pages\/5222\/page\/4\/\" class=\"page-numbers filter-item \" data-page-num=\"4\">4<\/a><a href=\"https:\/\/tranviascoruna.com\/gl\/wp-json\/wp\/v2\/pages\/5222\/page\/5\/\" class=\"page-numbers filter-item \" data-page-num=\"5\">5<\/a><a href=\"https:\/\/tranviascoruna.com\/gl\/wp-json\/wp\/v2\/pages\/5222\/page\/6\/\" class=\"page-numbers filter-item \" data-page-num=\"6\">6<\/a><a href=\"https:\/\/tranviascoruna.com\/gl\/wp-json\/wp\/v2\/pages\/5222\/page\/7\/\" class=\"page-numbers filter-item \" data-page-num=\"7\">7<\/a><a href=\"https:\/\/tranviascoruna.com\/gl\/wp-json\/wp\/v2\/pages\/5222\/page\/8\/\" class=\"page-numbers filter-item \" data-page-num=\"8\">8<\/a><a href=\"https:\/\/tranviascoruna.com\/gl\/wp-json\/wp\/v2\/pages\/5222\/page\/9\/\" class=\"page-numbers filter-item \" data-page-num=\"9\">9<\/a><a href=\"https:\/\/tranviascoruna.com\/gl\/wp-json\/wp\/v2\/pages\/5222\/page\/10\/\" class=\"page-numbers filter-item \" data-page-num=\"10\">10<\/a><a href=\"https:\/\/tranviascoruna.com\/gl\/wp-json\/wp\/v2\/pages\/5222\/page\/11\/\" class=\"page-numbers filter-item \" data-page-num=\"11\">11<\/a><a href=\"https:\/\/tranviascoruna.com\/gl\/wp-json\/wp\/v2\/pages\/5222\/page\/12\/\" class=\"page-numbers filter-item \" data-page-num=\"12\">12<\/a><a href=\"https:\/\/tranviascoruna.com\/gl\/wp-json\/wp\/v2\/pages\/5222\/page\/13\/\" class=\"page-numbers filter-item \" data-page-num=\"13\">13<\/a><a href=\"https:\/\/tranviascoruna.com\/gl\/wp-json\/wp\/v2\/pages\/5222\/page\/2\/\" class=\"page-numbers nav-next filter-item\" data-page-num=\"2\" >\u2192<\/a><\/div><\/div>\t\t\t\t<\/div>\n\t\t\t\t<\/div>\n\t\t\t\t\t<\/div>\n\t\t<\/div>\n\t\t\t\t\t<\/div>\n\t\t<\/section>\n\t\t\t\t<\/div>\n\t\t\t\t<\/div>\n\t\t\t\t\t\t<\/div>\n\t\t\t\t<\/div>\n\t\t\t\t\t<\/div>\n\t\t<\/div>\n\t\t\t\t\t<\/div>\n\t\t<\/section>\n\t\t\t\t<\/div>\n\t\t","protected":false},"excerpt":{"rendered":"<p>LOS VIAJEROS CALIFICAN CON UN NOTABLE ALTO EL SERVICIO DEL TRANSPORTE URBANO DE A CORU\u00d1A \u00b7 La nota media otorgada por los usuarios asciende a 8,09 sobre diez, mejorando las valoraciones de las dos encuestas anteriores, realizadas en 2016 y 2018 \u00b7 Tambi\u00e9n valoran positivamente las medidas adoptadas por la Compa\u00f1\u00eda de Tranv\u00edas de protecci\u00f3n&hellip;<\/p>\n","protected":false},"author":15,"featured_media":3348,"parent":0,"menu_order":50,"comment_status":"closed","ping_status":"closed","template":"elementor_header_footer","meta":{"_acf_changed":false,"footnotes":"","_wpscp_schedule_draft_date":"","_wpscp_schedule_republish_date":"","_wpscppro_advance_schedule":false,"_wpscppro_advance_schedule_date":"","_wpscppro_dont_share_socialmedia":false,"_wpscppro_custom_social_share_image":0,"_facebook_share_type":"","_twitter_share_type":"","_linkedin_share_type":"","_pinterest_share_type":"","_linkedin_share_type_page":"","_instagram_share_type":"","_medium_share_type":"","_threads_share_type":"","_google_business_share_type":"","_selected_social_profile":[],"_wpsp_enable_custom_social_template":false,"_wpsp_social_scheduling":{"enabled":false,"datetime":null,"platforms":[],"status":"template_only","dateOption":"today","timeOption":"now","customDays":"","customHours":"","customDate":"","customTime":"","schedulingType":"absolute"},"_wpsp_active_default_template":true},"class_list":["post-5222","page","type-page","status-publish","has-post-thumbnail","hentry"],"acf":[],"yoast_head":"<!-- This site is optimized with the Yoast SEO plugin v27.1 - https:\/\/yoast.com\/product\/yoast-seo-wordpress\/ -->\n<title>Noticias - Compa\u00f1\u00eda de Tranv\u00edas de La Coru\u00f1a<\/title>\n<meta name=\"robots\" content=\"index, follow, max-snippet:-1, max-image-preview:large, max-video-preview:-1\" \/>\n<link rel=\"canonical\" href=\"https:\/\/tranviascoruna.com\/gl\/noticias-2\/\" \/>\n<meta property=\"og:locale\" content=\"gl_ES\" \/>\n<meta property=\"og:type\" content=\"article\" \/>\n<meta property=\"og:title\" content=\"Noticias - Compa\u00f1\u00eda de Tranv\u00edas de La Coru\u00f1a\" \/>\n<meta property=\"og:url\" content=\"https:\/\/tranviascoruna.com\/gl\/noticias-2\/\" \/>\n<meta property=\"og:site_name\" content=\"Compa\u00f1\u00eda de Tranv\u00edas de La Coru\u00f1a\" \/>\n<meta property=\"article:modified_time\" content=\"2022-02-14T10:57:48+00:00\" \/>\n<meta property=\"og:image\" content=\"https:\/\/tranviascoruna.com\/wp-content\/uploads\/2020\/02\/tr013.jpg\" \/>\n\t<meta property=\"og:image:width\" content=\"1500\" \/>\n\t<meta property=\"og:image:height\" content=\"1000\" \/>\n\t<meta property=\"og:image:type\" content=\"image\/jpeg\" \/>\n<meta name=\"twitter:card\" content=\"summary_large_image\" \/>\n<meta name=\"twitter:label1\" content=\"Tempo de lectura\" \/>\n\t<meta name=\"twitter:data1\" content=\"5 minutes\" \/>\n<script type=\"application\/ld+json\" class=\"yoast-schema-graph\">{\"@context\":\"https:\/\/schema.org\",\"@graph\":[{\"@type\":\"WebPage\",\"@id\":\"https:\/\/tranviascoruna.com\/gl\/noticias-2\/\",\"url\":\"https:\/\/tranviascoruna.com\/gl\/noticias-2\/\",\"name\":\"Noticias - Compa\u00f1\u00eda de Tranv\u00edas de La Coru\u00f1a\",\"isPartOf\":{\"@id\":\"https:\/\/tranviascoruna.com\/#website\"},\"primaryImageOfPage\":{\"@id\":\"https:\/\/tranviascoruna.com\/gl\/noticias-2\/#primaryimage\"},\"image\":{\"@id\":\"https:\/\/tranviascoruna.com\/gl\/noticias-2\/#primaryimage\"},\"thumbnailUrl\":\"https:\/\/tranviascoruna.com\/wp-content\/uploads\/2020\/02\/tr013.jpg\",\"datePublished\":\"2022-01-03T14:50:12+00:00\",\"dateModified\":\"2022-02-14T10:57:48+00:00\",\"breadcrumb\":{\"@id\":\"https:\/\/tranviascoruna.com\/gl\/noticias-2\/#breadcrumb\"},\"inLanguage\":\"gl-ES\",\"potentialAction\":[{\"@type\":\"ReadAction\",\"target\":[\"https:\/\/tranviascoruna.com\/gl\/noticias-2\/\"]}]},{\"@type\":\"ImageObject\",\"inLanguage\":\"gl-ES\",\"@id\":\"https:\/\/tranviascoruna.com\/gl\/noticias-2\/#primaryimage\",\"url\":\"https:\/\/tranviascoruna.com\/wp-content\/uploads\/2020\/02\/tr013.jpg\",\"contentUrl\":\"https:\/\/tranviascoruna.com\/wp-content\/uploads\/2020\/02\/tr013.jpg\",\"width\":1500,\"height\":1000},{\"@type\":\"BreadcrumbList\",\"@id\":\"https:\/\/tranviascoruna.com\/gl\/noticias-2\/#breadcrumb\",\"itemListElement\":[{\"@type\":\"ListItem\",\"position\":1,\"name\":\"Home\",\"item\":\"https:\/\/tranviascoruna.com\/\"},{\"@type\":\"ListItem\",\"position\":2,\"name\":\"Noticias\"}]},{\"@type\":\"WebSite\",\"@id\":\"https:\/\/tranviascoruna.com\/#website\",\"url\":\"https:\/\/tranviascoruna.com\/\",\"name\":\"Compa\u00f1\u00eda de Tranv\u00edas de La Coru\u00f1a\",\"description\":\"Compa\u00f1\u00eda de Tranv\u00edas de La Coru\u00f1a\",\"publisher\":{\"@id\":\"https:\/\/tranviascoruna.com\/#organization\"},\"potentialAction\":[{\"@type\":\"SearchAction\",\"target\":{\"@type\":\"EntryPoint\",\"urlTemplate\":\"https:\/\/tranviascoruna.com\/?s={search_term_string}\"},\"query-input\":{\"@type\":\"PropertyValueSpecification\",\"valueRequired\":true,\"valueName\":\"search_term_string\"}}],\"inLanguage\":\"gl-ES\"},{\"@type\":\"Organization\",\"@id\":\"https:\/\/tranviascoruna.com\/#organization\",\"name\":\"Compa\u00f1\u00eda de Tranv\u00edas de La Coru\u00f1a\",\"url\":\"https:\/\/tranviascoruna.com\/\",\"logo\":{\"@type\":\"ImageObject\",\"inLanguage\":\"gl-ES\",\"@id\":\"https:\/\/tranviascoruna.com\/#\/schema\/logo\/image\/\",\"url\":\"https:\/\/tranviascoruna.com\/wp-content\/uploads\/2021\/12\/Componente-50-\u2013-5.png\",\"contentUrl\":\"https:\/\/tranviascoruna.com\/wp-content\/uploads\/2021\/12\/Componente-50-\u2013-5.png\",\"width\":115,\"height\":116,\"caption\":\"Compa\u00f1\u00eda de Tranv\u00edas de La Coru\u00f1a\"},\"image\":{\"@id\":\"https:\/\/tranviascoruna.com\/#\/schema\/logo\/image\/\"}}]}<\/script>\n<!-- \/ Yoast SEO plugin. -->","yoast_head_json":{"title":"Noticias - Compa\u00f1\u00eda de Tranv\u00edas de La Coru\u00f1a","robots":{"index":"index","follow":"follow","max-snippet":"max-snippet:-1","max-image-preview":"max-image-preview:large","max-video-preview":"max-video-preview:-1"},"canonical":"https:\/\/tranviascoruna.com\/gl\/noticias-2\/","og_locale":"gl_ES","og_type":"article","og_title":"Noticias - Compa\u00f1\u00eda de Tranv\u00edas de La Coru\u00f1a","og_url":"https:\/\/tranviascoruna.com\/gl\/noticias-2\/","og_site_name":"Compa\u00f1\u00eda de Tranv\u00edas de La Coru\u00f1a","article_modified_time":"2022-02-14T10:57:48+00:00","og_image":[{"width":1500,"height":1000,"url":"https:\/\/tranviascoruna.com\/wp-content\/uploads\/2020\/02\/tr013.jpg","type":"image\/jpeg"}],"twitter_card":"summary_large_image","twitter_misc":{"Tempo de lectura":"5 minutes"},"schema":{"@context":"https:\/\/schema.org","@graph":[{"@type":"WebPage","@id":"https:\/\/tranviascoruna.com\/gl\/noticias-2\/","url":"https:\/\/tranviascoruna.com\/gl\/noticias-2\/","name":"Noticias - Compa\u00f1\u00eda de Tranv\u00edas de La Coru\u00f1a","isPartOf":{"@id":"https:\/\/tranviascoruna.com\/#website"},"primaryImageOfPage":{"@id":"https:\/\/tranviascoruna.com\/gl\/noticias-2\/#primaryimage"},"image":{"@id":"https:\/\/tranviascoruna.com\/gl\/noticias-2\/#primaryimage"},"thumbnailUrl":"https:\/\/tranviascoruna.com\/wp-content\/uploads\/2020\/02\/tr013.jpg","datePublished":"2022-01-03T14:50:12+00:00","dateModified":"2022-02-14T10:57:48+00:00","breadcrumb":{"@id":"https:\/\/tranviascoruna.com\/gl\/noticias-2\/#breadcrumb"},"inLanguage":"gl-ES","potentialAction":[{"@type":"ReadAction","target":["https:\/\/tranviascoruna.com\/gl\/noticias-2\/"]}]},{"@type":"ImageObject","inLanguage":"gl-ES","@id":"https:\/\/tranviascoruna.com\/gl\/noticias-2\/#primaryimage","url":"https:\/\/tranviascoruna.com\/wp-content\/uploads\/2020\/02\/tr013.jpg","contentUrl":"https:\/\/tranviascoruna.com\/wp-content\/uploads\/2020\/02\/tr013.jpg","width":1500,"height":1000},{"@type":"BreadcrumbList","@id":"https:\/\/tranviascoruna.com\/gl\/noticias-2\/#breadcrumb","itemListElement":[{"@type":"ListItem","position":1,"name":"Home","item":"https:\/\/tranviascoruna.com\/"},{"@type":"ListItem","position":2,"name":"Noticias"}]},{"@type":"WebSite","@id":"https:\/\/tranviascoruna.com\/#website","url":"https:\/\/tranviascoruna.com\/","name":"Compa\u00f1\u00eda de Tranv\u00edas de La Coru\u00f1a","description":"Compa\u00f1\u00eda de Tranv\u00edas de La Coru\u00f1a","publisher":{"@id":"https:\/\/tranviascoruna.com\/#organization"},"potentialAction":[{"@type":"SearchAction","target":{"@type":"EntryPoint","urlTemplate":"https:\/\/tranviascoruna.com\/?s={search_term_string}"},"query-input":{"@type":"PropertyValueSpecification","valueRequired":true,"valueName":"search_term_string"}}],"inLanguage":"gl-ES"},{"@type":"Organization","@id":"https:\/\/tranviascoruna.com\/#organization","name":"Compa\u00f1\u00eda de Tranv\u00edas de La Coru\u00f1a","url":"https:\/\/tranviascoruna.com\/","logo":{"@type":"ImageObject","inLanguage":"gl-ES","@id":"https:\/\/tranviascoruna.com\/#\/schema\/logo\/image\/","url":"https:\/\/tranviascoruna.com\/wp-content\/uploads\/2021\/12\/Componente-50-\u2013-5.png","contentUrl":"https:\/\/tranviascoruna.com\/wp-content\/uploads\/2021\/12\/Componente-50-\u2013-5.png","width":115,"height":116,"caption":"Compa\u00f1\u00eda de Tranv\u00edas de La Coru\u00f1a"},"image":{"@id":"https:\/\/tranviascoruna.com\/#\/schema\/logo\/image\/"}}]}},"_links":{"self":[{"href":"https:\/\/tranviascoruna.com\/gl\/wp-json\/wp\/v2\/pages\/5222","targetHints":{"allow":["GET"]}}],"collection":[{"href":"https:\/\/tranviascoruna.com\/gl\/wp-json\/wp\/v2\/pages"}],"about":[{"href":"https:\/\/tranviascoruna.com\/gl\/wp-json\/wp\/v2\/types\/page"}],"author":[{"embeddable":true,"href":"https:\/\/tranviascoruna.com\/gl\/wp-json\/wp\/v2\/users\/15"}],"replies":[{"embeddable":true,"href":"https:\/\/tranviascoruna.com\/gl\/wp-json\/wp\/v2\/comments?post=5222"}],"version-history":[{"count":0,"href":"https:\/\/tranviascoruna.com\/gl\/wp-json\/wp\/v2\/pages\/5222\/revisions"}],"wp:featuredmedia":[{"embeddable":true,"href":"https:\/\/tranviascoruna.com\/gl\/wp-json\/wp\/v2\/media\/3348"}],"wp:attachment":[{"href":"https:\/\/tranviascoruna.com\/gl\/wp-json\/wp\/v2\/media?parent=5222"}],"curies":[{"name":"wp","href":"https:\/\/api.w.org\/{rel}","templated":true}]}}